{"id":3830,"date":"2018-10-11T09:14:21","date_gmt":"2018-10-11T07:14:21","guid":{"rendered":"https:\/\/iesplazadelacruz.educacion.navarra.es\/web1\/?page_id=3830"},"modified":"2026-01-21T10:45:30","modified_gmt":"2026-01-21T09:45:30","slug":"semana-blanca","status":"publish","type":"page","link":"https:\/\/iesplazadelacruz.educacion.navarra.es\/web1\/semana-blanca\/","title":{"rendered":"Viaje a Panticosa"},"content":{"rendered":"\n<ul class=\"wp-block-list\">\n<li><a href=\"https:\/\/docs.google.com\/document\/d\/1Lku8_dDLfBxg4VoypE-AbE4fw7BiDHu5\/edit?usp=sharing&amp;ouid=116849080207950482480&amp;rtpof=true&amp;sd=true\">Ficha de inscripci\u00f3n<\/a><\/li>\n\n\n\n<li>Del 26 al 28 de enero de 2026.<\/li>\n\n\n\n<li>Alojamiento en Bungalows Gavin (a 19 kms de Panticosa).<\/li>\n\n\n\n<li>Precio: 276\u20ac (sin seguro) \/ 285\u20ac (con seguro).<\/li>\n\n\n\n<li>2 horas de clase de esqu\u00ed alpino y forfait incluido de 12:00 a 14:00h los tres d\u00edas.<\/li>\n\n\n\n<li>Alquiler de material de esqu\u00ed equipo completo (esqu\u00eds, botas, bastones y casco) incluido.<\/li>\n\n\n\n<li>Comida en pistas. Men\u00fa: Primer plato + Segundo plato + Postre + Panecillo + Agua, y desayuno y cena en el alojamiento.<\/li>\n\n\n\n<li>Viaje de ida y vuelta Pamplona-Panticosa y traslados diarios del camping a pistas todo los d\u00edas de actividad.<\/li>\n\n\n\n<li>Salida desde <a href=\"https:\/\/www.google.es\/maps\/@42.7955708,-1.6303082,797m\/data=!3m1!1e3?entry=ttu&amp;g_ep=EgoyMDI2MDExMy4wIKXMDSoASAFQAw%3D%3D\">Parking Polideportivo UPNA <\/a>a las 7:00 am y vuelta al mismo sitio saliendo de pistas a las 17:30.<\/li>\n\n\n\n<li>Material necesario: ropa deportiva, pantal\u00f3n de esqu\u00ed, cazadora de esqu\u00ed, mochila, guantes, gorro, protecci\u00f3n solar +50, gafas protecci\u00f3n solar (no es necesario de ventisca), filtro labios, calcetines altos (suficientes para los tres d\u00edas), bolso de aseo, botella de agua, etc. No es necesario llevar ropa de cama, ni saco de dormir ni tampoco toallas.<\/li>\n\n\n\n<li>Se podr\u00e1 llevar el tel\u00e9fono m\u00f3vil y tendr\u00e1n un horario para poder usarlo y llamar a casa cuando el profesorado acompa\u00f1ante as\u00ed lo permita. <\/li>\n<\/ul>\n\n\n\n<p><\/p>\n\n\n\n<p><\/p>\n\n\n\n<p><\/p>\n","protected":false},"excerpt":{"rendered":"","protected":false},"author":1,"featured_media":0,"parent":0,"menu_order":0,"comment_status":"closed","ping_status":"closed","template":"","meta":{"_genesis_hide_title":false,"_genesis_hide_breadcrumbs":false,"_genesis_hide_singular_image":false,"_genesis_hide_footer_widgets":false,"_genesis_custom_body_class":"","_genesis_custom_post_class":"","_genesis_layout":"","footnotes":""},"class_list":{"0":"post-3830","1":"page","2":"type-page","3":"status-publish","5":"entry"},"featured_image_src":null,"featured_image_src_square":null,"_links":{"self":[{"href":"https:\/\/iesplazadelacruz.educacion.navarra.es\/web1\/wp-json\/wp\/v2\/pages\/3830","targetHints":{"allow":["GET"]}}],"collection":[{"href":"https:\/\/iesplazadelacruz.educacion.navarra.es\/web1\/wp-json\/wp\/v2\/pages"}],"about":[{"href":"https:\/\/iesplazadelacruz.educacion.navarra.es\/web1\/wp-json\/wp\/v2\/types\/page"}],"author":[{"embeddable":true,"href":"https:\/\/iesplazadelacruz.educacion.navarra.es\/web1\/wp-json\/wp\/v2\/users\/1"}],"replies":[{"embeddable":true,"href":"https:\/\/iesplazadelacruz.educacion.navarra.es\/web1\/wp-json\/wp\/v2\/comments?post=3830"}],"version-history":[{"count":55,"href":"https:\/\/iesplazadelacruz.educacion.navarra.es\/web1\/wp-json\/wp\/v2\/pages\/3830\/revisions"}],"predecessor-version":[{"id":15874,"href":"https:\/\/iesplazadelacruz.educacion.navarra.es\/web1\/wp-json\/wp\/v2\/pages\/3830\/revisions\/15874"}],"wp:attachment":[{"href":"https:\/\/iesplazadelacruz.educacion.navarra.es\/web1\/wp-json\/wp\/v2\/media?parent=3830"}],"curies":[{"name":"wp","href":"https:\/\/api.w.org\/{rel}","templated":true}]}}